{"id":165,"date":"2024-09-02T16:28:24","date_gmt":"2024-09-02T14:28:24","guid":{"rendered":"https:\/\/22bis.archi\/?page_id=165"},"modified":"2024-09-02T16:28:24","modified_gmt":"2024-09-02T14:28:24","slug":"mentions-legales","status":"publish","type":"page","link":"https:\/\/22bis.archi\/index.php\/mentions-legales\/","title":{"rendered":"mentions-legales"},"content":{"rendered":"\n<h2 class=\"wp-block-heading\"><strong>Mentions l\u00e9gales du site<\/strong><\/h2>\n\n\n\n<p class=\"has-body-font-family has-small-font-size\">D\u00e9nomination : <strong>Atelier 22bis David Schieberlein architecte<\/strong><br>Si\u00e8ge social : 22bis rue Fran\u00e7ois Maynard, 15\u202f000 Aurillac<br>Structure juridique : EURL (Etablissement Unipersonnel \u00e0 Responsabilit\u00e9 Limit\u00e9e)<br>RCS : <em>Immatriculation en cours<\/em><br>N\u00b0 TVA intracommunautaire : <em>Immatriculation en cours<\/em><br>Num\u00e9ro de SIRET : <em>Immatriculation en cours<\/em><\/p>\n\n\n\n<p class=\"has-body-font-family has-small-font-size\">T\u00e9l\u00e9phone : <a href=\"tel:+33677484802\">06 77 48 48 02<\/a><br>Email de contact via le <a href=\"https:\/\/ateliercamino.fr\/contact\/\">formulaire en ligne<\/a>.<\/p>\n\n\n\n<p class=\"has-body-font-family has-small-font-size\">Nom du responsable de la r\u00e9daction du site : <strong>David Schieberlein<\/strong><\/p>\n\n\n\n<p class=\"has-body-font-family has-small-font-size\">Le site est h\u00e9berg\u00e9 par <strong>OVH SAS<\/strong> \u2013 Soci\u00e9t\u00e9 \u00e0 Action Simplifi\u00e9es situ\u00e9e \u00e0 2 rue Kellermann &#8211; 59100 Roubaix &#8211; France<\/p>\n\n\n\n<p class=\"has-body-font-family has-small-font-size\"><strong>Propri\u00e9t\u00e9 intellectuelle<br><\/strong>L\u2019ensemble du site <strong>22bis.archi<\/strong> rel\u00e8ve des l\u00e9gislations fran\u00e7aises et internationales sur le droit d\u2019auteur et la propri\u00e9t\u00e9 intellectuelle. Tous les droits de reproduction sont r\u00e9serv\u00e9s, y compris pour les documents iconographiques et photographiques.<\/p>\n","protected":false},"excerpt":{"rendered":"<p>Mentions l\u00e9gales du site D\u00e9nomination : Atelier 22bis David Schieberlein architecteSi\u00e8ge social : 22bis rue Fran\u00e7ois Maynard, 15\u202f000 AurillacStructure juridique : EURL (Etablissement Unipersonnel \u00e0 Responsabilit\u00e9 Limit\u00e9e)RCS : Immatriculation en coursN\u00b0 TVA intracommunautaire : Immatriculation en coursNum\u00e9ro de SIRET : Immatriculation en cours T\u00e9l\u00e9phone : 06 77 48 48 02Email de contact via le formulaire [&hellip;]<\/p>\n","protected":false},"author":1,"featured_media":0,"parent":0,"menu_order":0,"comment_status":"closed","ping_status":"closed","template":"","meta":{"footnotes":""},"class_list":["post-165","page","type-page","status-publish","hentry"],"yoast_head":"<!-- This site is optimized with the Yoast SEO plugin v27.5 - https:\/\/yoast.com\/product\/yoast-seo-wordpress\/ -->\n<title>mentions-legales - Atelier 22bis David Schieberlein architecte - cantal - aurillac<\/title>\n<meta name=\"robots\" content=\"index, follow, max-snippet:-1, max-image-preview:large, max-video-preview:-1\" \/>\n<link rel=\"canonical\" href=\"https:\/\/22bis.archi\/index.php\/mentions-legales\/\" \/>\n<meta property=\"og:locale\" content=\"fr_FR\" \/>\n<meta property=\"og:type\" content=\"article\" \/>\n<meta property=\"og:title\" content=\"mentions-legales - Atelier 22bis David Schieberlein architecte - cantal - aurillac\" \/>\n<meta property=\"og:description\" content=\"Mentions l\u00e9gales du site D\u00e9nomination : Atelier 22bis David Schieberlein architecteSi\u00e8ge social : 22bis rue Fran\u00e7ois Maynard, 15\u202f000 AurillacStructure juridique : EURL (Etablissement Unipersonnel \u00e0 Responsabilit\u00e9 Limit\u00e9e)RCS : Immatriculation en coursN\u00b0 TVA intracommunautaire : Immatriculation en coursNum\u00e9ro de SIRET : Immatriculation en cours T\u00e9l\u00e9phone : 06 77 48 48 02Email de contact via le formulaire [&hellip;]\" \/>\n<meta property=\"og:url\" content=\"https:\/\/22bis.archi\/index.php\/mentions-legales\/\" \/>\n<meta property=\"og:site_name\" content=\"Atelier 22bis David Schieberlein architecte - cantal - aurillac\" \/>\n<meta name=\"twitter:card\" content=\"summary_large_image\" \/>\n<meta name=\"twitter:label1\" content=\"Dur\u00e9e de lecture estim\u00e9e\" \/>\n\t<meta name=\"twitter:data1\" content=\"1 minute\" \/>\n<script type=\"application\/ld+json\" class=\"yoast-schema-graph\">{\"@context\":\"https:\\\/\\\/schema.org\",\"@graph\":[{\"@type\":\"WebPage\",\"@id\":\"https:\\\/\\\/22bis.archi\\\/index.php\\\/mentions-legales\\\/\",\"url\":\"https:\\\/\\\/22bis.archi\\\/index.php\\\/mentions-legales\\\/\",\"name\":\"mentions-legales - Atelier 22bis David Schieberlein architecte - cantal - aurillac\",\"isPartOf\":{\"@id\":\"https:\\\/\\\/22bis.archi\\\/#website\"},\"datePublished\":\"2024-09-02T14:28:24+00:00\",\"breadcrumb\":{\"@id\":\"https:\\\/\\\/22bis.archi\\\/index.php\\\/mentions-legales\\\/#breadcrumb\"},\"inLanguage\":\"fr-FR\",\"potentialAction\":[{\"@type\":\"ReadAction\",\"target\":[\"https:\\\/\\\/22bis.archi\\\/index.php\\\/mentions-legales\\\/\"]}]},{\"@type\":\"BreadcrumbList\",\"@id\":\"https:\\\/\\\/22bis.archi\\\/index.php\\\/mentions-legales\\\/#breadcrumb\",\"itemListElement\":[{\"@type\":\"ListItem\",\"position\":1,\"name\":\"Accueil\",\"item\":\"https:\\\/\\\/22bis.archi\\\/\"},{\"@type\":\"ListItem\",\"position\":2,\"name\":\"mentions-legales\"}]},{\"@type\":\"WebSite\",\"@id\":\"https:\\\/\\\/22bis.archi\\\/#website\",\"url\":\"https:\\\/\\\/22bis.archi\\\/\",\"name\":\"Atelier 22bis David Schieberlein architecte - cantal - aurillac\",\"description\":\"Atelier 22bis est une agence d\u2019architecture cr\u00e9\u00e9e par David Schieberlein en 2024 \u00e0 Aurillac dans le Cantal. Elle est sp\u00e9cialis\u00e9e dans le conseil, la conception et la ma\u00eetrise d\u2019\u0153uvre de tout type de projet\",\"publisher\":{\"@id\":\"https:\\\/\\\/22bis.archi\\\/#organization\"},\"potentialAction\":[{\"@type\":\"SearchAction\",\"target\":{\"@type\":\"EntryPoint\",\"urlTemplate\":\"https:\\\/\\\/22bis.archi\\\/?s={search_term_string}\"},\"query-input\":{\"@type\":\"PropertyValueSpecification\",\"valueRequired\":true,\"valueName\":\"search_term_string\"}}],\"inLanguage\":\"fr-FR\"},{\"@type\":\"Organization\",\"@id\":\"https:\\\/\\\/22bis.archi\\\/#organization\",\"name\":\"Atelier 22bis David Schieberlein architecte - cantal - aurillac\",\"url\":\"https:\\\/\\\/22bis.archi\\\/\",\"logo\":{\"@type\":\"ImageObject\",\"inLanguage\":\"fr-FR\",\"@id\":\"https:\\\/\\\/22bis.archi\\\/#\\\/schema\\\/logo\\\/image\\\/\",\"url\":\"https:\\\/\\\/22bis.archi\\\/wp-content\\\/uploads\\\/2024\\\/08\\\/22B_C01_Carte-visite_V5-Recto_2024-08-27.png\",\"contentUrl\":\"https:\\\/\\\/22bis.archi\\\/wp-content\\\/uploads\\\/2024\\\/08\\\/22B_C01_Carte-visite_V5-Recto_2024-08-27.png\",\"width\":749,\"height\":395,\"caption\":\"Atelier 22bis David Schieberlein architecte - cantal - aurillac\"},\"image\":{\"@id\":\"https:\\\/\\\/22bis.archi\\\/#\\\/schema\\\/logo\\\/image\\\/\"}}]}<\/script>\n<!-- \/ Yoast SEO plugin. -->","yoast_head_json":{"title":"mentions-legales - Atelier 22bis David Schieberlein architecte - cantal - aurillac","robots":{"index":"index","follow":"follow","max-snippet":"max-snippet:-1","max-image-preview":"max-image-preview:large","max-video-preview":"max-video-preview:-1"},"canonical":"https:\/\/22bis.archi\/index.php\/mentions-legales\/","og_locale":"fr_FR","og_type":"article","og_title":"mentions-legales - Atelier 22bis David Schieberlein architecte - cantal - aurillac","og_description":"Mentions l\u00e9gales du site D\u00e9nomination : Atelier 22bis David Schieberlein architecteSi\u00e8ge social : 22bis rue Fran\u00e7ois Maynard, 15\u202f000 AurillacStructure juridique : EURL (Etablissement Unipersonnel \u00e0 Responsabilit\u00e9 Limit\u00e9e)RCS : Immatriculation en coursN\u00b0 TVA intracommunautaire : Immatriculation en coursNum\u00e9ro de SIRET : Immatriculation en cours T\u00e9l\u00e9phone : 06 77 48 48 02Email de contact via le formulaire [&hellip;]","og_url":"https:\/\/22bis.archi\/index.php\/mentions-legales\/","og_site_name":"Atelier 22bis David Schieberlein architecte - cantal - aurillac","twitter_card":"summary_large_image","twitter_misc":{"Dur\u00e9e de lecture estim\u00e9e":"1 minute"},"schema":{"@context":"https:\/\/schema.org","@graph":[{"@type":"WebPage","@id":"https:\/\/22bis.archi\/index.php\/mentions-legales\/","url":"https:\/\/22bis.archi\/index.php\/mentions-legales\/","name":"mentions-legales - Atelier 22bis David Schieberlein architecte - cantal - aurillac","isPartOf":{"@id":"https:\/\/22bis.archi\/#website"},"datePublished":"2024-09-02T14:28:24+00:00","breadcrumb":{"@id":"https:\/\/22bis.archi\/index.php\/mentions-legales\/#breadcrumb"},"inLanguage":"fr-FR","potentialAction":[{"@type":"ReadAction","target":["https:\/\/22bis.archi\/index.php\/mentions-legales\/"]}]},{"@type":"BreadcrumbList","@id":"https:\/\/22bis.archi\/index.php\/mentions-legales\/#breadcrumb","itemListElement":[{"@type":"ListItem","position":1,"name":"Accueil","item":"https:\/\/22bis.archi\/"},{"@type":"ListItem","position":2,"name":"mentions-legales"}]},{"@type":"WebSite","@id":"https:\/\/22bis.archi\/#website","url":"https:\/\/22bis.archi\/","name":"Atelier 22bis David Schieberlein architecte - cantal - aurillac","description":"Atelier 22bis est une agence d\u2019architecture cr\u00e9\u00e9e par David Schieberlein en 2024 \u00e0 Aurillac dans le Cantal. Elle est sp\u00e9cialis\u00e9e dans le conseil, la conception et la ma\u00eetrise d\u2019\u0153uvre de tout type de projet","publisher":{"@id":"https:\/\/22bis.archi\/#organization"},"potentialAction":[{"@type":"SearchAction","target":{"@type":"EntryPoint","urlTemplate":"https:\/\/22bis.archi\/?s={search_term_string}"},"query-input":{"@type":"PropertyValueSpecification","valueRequired":true,"valueName":"search_term_string"}}],"inLanguage":"fr-FR"},{"@type":"Organization","@id":"https:\/\/22bis.archi\/#organization","name":"Atelier 22bis David Schieberlein architecte - cantal - aurillac","url":"https:\/\/22bis.archi\/","logo":{"@type":"ImageObject","inLanguage":"fr-FR","@id":"https:\/\/22bis.archi\/#\/schema\/logo\/image\/","url":"https:\/\/22bis.archi\/wp-content\/uploads\/2024\/08\/22B_C01_Carte-visite_V5-Recto_2024-08-27.png","contentUrl":"https:\/\/22bis.archi\/wp-content\/uploads\/2024\/08\/22B_C01_Carte-visite_V5-Recto_2024-08-27.png","width":749,"height":395,"caption":"Atelier 22bis David Schieberlein architecte - cantal - aurillac"},"image":{"@id":"https:\/\/22bis.archi\/#\/schema\/logo\/image\/"}}]}},"_links":{"self":[{"href":"https:\/\/22bis.archi\/index.php\/wp-json\/wp\/v2\/pages\/165","targetHints":{"allow":["GET"]}}],"collection":[{"href":"https:\/\/22bis.archi\/index.php\/wp-json\/wp\/v2\/pages"}],"about":[{"href":"https:\/\/22bis.archi\/index.php\/wp-json\/wp\/v2\/types\/page"}],"author":[{"embeddable":true,"href":"https:\/\/22bis.archi\/index.php\/wp-json\/wp\/v2\/users\/1"}],"replies":[{"embeddable":true,"href":"https:\/\/22bis.archi\/index.php\/wp-json\/wp\/v2\/comments?post=165"}],"version-history":[{"count":2,"href":"https:\/\/22bis.archi\/index.php\/wp-json\/wp\/v2\/pages\/165\/revisions"}],"predecessor-version":[{"id":194,"href":"https:\/\/22bis.archi\/index.php\/wp-json\/wp\/v2\/pages\/165\/revisions\/194"}],"wp:attachment":[{"href":"https:\/\/22bis.archi\/index.php\/wp-json\/wp\/v2\/media?parent=165"}],"curies":[{"name":"wp","href":"https:\/\/api.w.org\/{rel}","templated":true}]}}